{"version":"1.0","provider_name":"Asociaci\u00f3n Creadores de Moda de Espa\u00f1a | ACME","provider_url":"https:\/\/creadores.org\/en\/","author_name":"Felipe","author_url":"https:\/\/creadores.org\/en\/author\/tamara\/","title":"Las refrescantes propuestas de Pedro Palmas - Asociaci\u00f3n Creadores de Moda de Espa\u00f1a | ACME","type":"rich","width":600,"height":338,"html":"<blockquote class=\"wp-embedded-content\" data-secret=\"TWZofRTHOR\"><a href=\"https:\/\/creadores.org\/en\/las-refrescantes-propuestas-de-pedro-palmas\/\">Las refrescantes propuestas de Pedro Palmas<\/a><\/blockquote><iframe sandbox=\"allow-scripts\" security=\"restricted\" src=\"https:\/\/creadores.org\/en\/las-refrescantes-propuestas-de-pedro-palmas\/embed\/#?secret=TWZofRTHOR\" width=\"600\" height=\"338\" title=\"&#8220;Las refrescantes propuestas de Pedro Palmas&#8221; &#8212; Asociaci\u00f3n Creadores de Moda de Espa\u00f1a | ACME\" data-secret=\"TWZofRTHOR\" frameborder=\"0\" marginwidth=\"0\" marginheight=\"0\" scrolling=\"no\" class=\"wp-embedded-content\"><\/iframe><script>\n\/*! This file is auto-generated *\/\n!function(d,l){\"use strict\";l.querySelector&&d.addEventListener&&\"undefined\"!=typeof URL&&(d.wp=d.wp||{},d.wp.receiveEmbedMessage||(d.wp.receiveEmbedMessage=function(e){var t=e.data;if((t||t.secret||t.message||t.value)&&!\/[^a-zA-Z0-9]\/.test(t.secret)){for(var s,r,n,a=l.querySelectorAll('iframe[data-secret=\"'+t.secret+'\"]'),o=l.querySelectorAll('blockquote[data-secret=\"'+t.secret+'\"]'),c=new RegExp(\"^https?:$\",\"i\"),i=0;i<o.length;i++)o[i].style.display=\"none\";for(i=0;i<a.length;i++)s=a[i],e.source===s.contentWindow&&(s.removeAttribute(\"style\"),\"height\"===t.message?(1e3<(r=parseInt(t.value,10))?r=1e3:~~r<200&&(r=200),s.height=r):\"link\"===t.message&&(r=new URL(s.getAttribute(\"src\")),n=new URL(t.value),c.test(n.protocol))&&n.host===r.host&&l.activeElement===s&&(d.top.location.href=t.value))}},d.addEventListener(\"message\",d.wp.receiveEmbedMessage,!1),l.addEventListener(\"DOMContentLoaded\",function(){for(var e,t,s=l.querySelectorAll(\"iframe.wp-embedded-content\"),r=0;r<s.length;r++)(t=(e=s[r]).getAttribute(\"data-secret\"))||(t=Math.random().toString(36).substring(2,12),e.src+=\"#?secret=\"+t,e.setAttribute(\"data-secret\",t)),e.contentWindow.postMessage({message:\"ready\",secret:t},\"*\")},!1)))}(window,document);\n\/\/# sourceURL=https:\/\/creadores.org\/wp-includes\/js\/wp-embed.min.js\n<\/script>\n","thumbnail_url":"https:\/\/creadores.org\/wp-content\/uploads\/2022\/10\/Palmas_0937.jpg","thumbnail_width":1200,"thumbnail_height":800,"description":"El dise\u00f1ador Pedro Palmas sube a la pasarela de Gran Canaria Swim Week by Moda C\u00e1lida sus nuevas propuestas de moda de ba\u00f1o, creaciones con las que pone de manifiesto su compromiso con el cuidado del planeta. La nueva colecci\u00f3n de Pedro Palmas centra la mirada en la importancia del agua y el cuidado de [&hellip;]"}