{"id":97452,"date":"2026-04-08T13:20:25","date_gmt":"2026-04-08T11:20:25","guid":{"rendered":"https:\/\/creadores.org\/?post_type=asociados&#038;p=97452"},"modified":"2026-04-10T17:16:20","modified_gmt":"2026-04-10T15:16:20","slug":"edward-cuming","status":"publish","type":"asociados","link":"https:\/\/creadores.org\/en\/members\/edward-cuming\/","title":{"rendered":"Edward Cuming"},"content":{"rendered":"<p>Edward Cuming es la firma hom\u00f3nima del dise\u00f1ador australiano afincado en Madrid.<\/p>\n<p>Graduado del m\u00e1ster en Moda de Central Saint Martins, Cuming lanz\u00f3 la marca en 2019, estableciendo una perspectiva propia dentro del vestir contempor\u00e1neo, basada en la experimentaci\u00f3n material y un enfoque sensorial del dise\u00f1o.<\/p>\n<p>Definido por una silueta fluida y ligeramente desacompasada, tratamientos de tejido distintivos y un uso seguro del color, el trabajo se nutre de observaciones cotidianas que se traducen en piezas instintivas, exc\u00e9ntricas y reflexivas.<\/p>\n","protected":false},"featured_media":97454,"parent":0,"template":"","class_list":["post-97452","asociados","type-asociados","status-publish","has-post-thumbnail","hentry"],"yoast_head":"<!-- This site is optimized with the Yoast SEO plugin v27.4 - https:\/\/yoast.com\/product\/yoast-seo-wordpress\/ -->\n<title>Edward Cuming - Asociaci\u00f3n Creadores de Moda de Espa\u00f1a | ACME<\/title>\n<meta name=\"robots\" content=\"index, follow, max-snippet:-1, max-image-preview:large, max-video-preview:-1\" \/>\n<link rel=\"canonical\" href=\"https:\/\/creadores.org\/en\/members\/edward-cuming\/\" \/>\n<meta property=\"og:locale\" content=\"en_US\" \/>\n<meta property=\"og:type\" content=\"article\" \/>\n<meta property=\"og:title\" content=\"Edward Cuming - Asociaci\u00f3n Creadores de Moda de Espa\u00f1a | ACME\" \/>\n<meta property=\"og:description\" content=\"Edward Cuming es la firma hom\u00f3nima del dise\u00f1ador australiano afincado en Madrid. Graduado del m\u00e1ster en Moda de Central Saint Martins, Cuming lanz\u00f3 la marca en 2019, estableciendo una perspectiva propia dentro del vestir contempor\u00e1neo, basada en la experimentaci\u00f3n material y un enfoque sensorial del dise\u00f1o. Definido por una silueta fluida y ligeramente desacompasada, tratamientos [&hellip;]\" \/>\n<meta property=\"og:url\" content=\"https:\/\/creadores.org\/en\/members\/edward-cuming\/\" \/>\n<meta property=\"og:site_name\" content=\"Asociaci\u00f3n Creadores de Moda de Espa\u00f1a | ACME\" \/>\n<meta property=\"article:publisher\" content=\"https:\/\/www.facebook.com\/Asociaci%c3%b3n-Creadores-de-Moda-de-Espa%c3%b1a-297009471514\/\" \/>\n<meta property=\"article:modified_time\" content=\"2026-04-10T15:16:20+00:00\" \/>\n<meta name=\"twitter:card\" content=\"summary_large_image\" \/>\n<meta name=\"twitter:site\" content=\"@creadoresacme\" \/>\n<meta name=\"twitter:label1\" content=\"Est. reading time\" \/>\n\t<meta name=\"twitter:data1\" content=\"1 minute\" \/>\n<script type=\"application\/ld+json\" class=\"yoast-schema-graph\">{\"@context\":\"https:\\\/\\\/schema.org\",\"@graph\":[{\"@type\":\"WebPage\",\"@id\":\"https:\\\/\\\/creadores.org\\\/en\\\/members\\\/edward-cuming\\\/\",\"url\":\"https:\\\/\\\/creadores.org\\\/en\\\/members\\\/edward-cuming\\\/\",\"name\":\"Edward Cuming - Asociaci\u00f3n Creadores de Moda de Espa\u00f1a | ACME\",\"isPartOf\":{\"@id\":\"https:\\\/\\\/creadores.org\\\/en\\\/#website\"},\"primaryImageOfPage\":{\"@id\":\"https:\\\/\\\/creadores.org\\\/en\\\/members\\\/edward-cuming\\\/#primaryimage\"},\"image\":{\"@id\":\"https:\\\/\\\/creadores.org\\\/en\\\/members\\\/edward-cuming\\\/#primaryimage\"},\"thumbnailUrl\":\"https:\\\/\\\/creadores.org\\\/wp-content\\\/uploads\\\/2026\\\/04\\\/EDWARD-CUMING-logo-.svg\",\"datePublished\":\"2026-04-08T11:20:25+00:00\",\"dateModified\":\"2026-04-10T15:16:20+00:00\",\"breadcrumb\":{\"@id\":\"https:\\\/\\\/creadores.org\\\/en\\\/members\\\/edward-cuming\\\/#breadcrumb\"},\"inLanguage\":\"en-US\",\"potentialAction\":[{\"@type\":\"ReadAction\",\"target\":[\"https:\\\/\\\/creadores.org\\\/en\\\/members\\\/edward-cuming\\\/\"]}]},{\"@type\":\"ImageObject\",\"inLanguage\":\"en-US\",\"@id\":\"https:\\\/\\\/creadores.org\\\/en\\\/members\\\/edward-cuming\\\/#primaryimage\",\"url\":\"https:\\\/\\\/creadores.org\\\/wp-content\\\/uploads\\\/2026\\\/04\\\/EDWARD-CUMING-logo-.svg\",\"contentUrl\":\"https:\\\/\\\/creadores.org\\\/wp-content\\\/uploads\\\/2026\\\/04\\\/EDWARD-CUMING-logo-.svg\",\"width\":100,\"height\":100},{\"@type\":\"BreadcrumbList\",\"@id\":\"https:\\\/\\\/creadores.org\\\/en\\\/members\\\/edward-cuming\\\/#breadcrumb\",\"itemListElement\":[{\"@type\":\"ListItem\",\"position\":1,\"name\":\"Portada\",\"item\":\"https:\\\/\\\/creadores.org\\\/en\\\/\"},{\"@type\":\"ListItem\",\"position\":2,\"name\":\"Members\",\"item\":\"https:\\\/\\\/creadores.org\\\/en\\\/members\\\/\"},{\"@type\":\"ListItem\",\"position\":3,\"name\":\"Edward Cuming\"}]},{\"@type\":\"WebSite\",\"@id\":\"https:\\\/\\\/creadores.org\\\/en\\\/#website\",\"url\":\"https:\\\/\\\/creadores.org\\\/en\\\/\",\"name\":\"Asociaci\u00f3n Creadores de Moda de Espa\u00f1a | ACME\",\"description\":\"La Asociaci\u00f3n Creadores de Moda de Espa\u00f1a (ACME) es una organizaci\u00f3n profesional sin \u00e1nimo de lucro fundada en 1988\",\"publisher\":{\"@id\":\"https:\\\/\\\/creadores.org\\\/en\\\/#organization\"},\"potentialAction\":[{\"@type\":\"SearchAction\",\"target\":{\"@type\":\"EntryPoint\",\"urlTemplate\":\"https:\\\/\\\/creadores.org\\\/en\\\/?s={search_term_string}\"},\"query-input\":{\"@type\":\"PropertyValueSpecification\",\"valueRequired\":true,\"valueName\":\"search_term_string\"}}],\"inLanguage\":\"en-US\"},{\"@type\":\"Organization\",\"@id\":\"https:\\\/\\\/creadores.org\\\/en\\\/#organization\",\"name\":\"Asociaci\u00f3n Creadores de Moda de Espa\u00f1a | ACME\",\"url\":\"https:\\\/\\\/creadores.org\\\/en\\\/\",\"logo\":{\"@type\":\"ImageObject\",\"inLanguage\":\"en-US\",\"@id\":\"https:\\\/\\\/creadores.org\\\/en\\\/#\\\/schema\\\/logo\\\/image\\\/\",\"url\":\"https:\\\/\\\/creadores.org\\\/wp-content\\\/uploads\\\/2025\\\/06\\\/acme-logo.svg\",\"contentUrl\":\"https:\\\/\\\/creadores.org\\\/wp-content\\\/uploads\\\/2025\\\/06\\\/acme-logo.svg\",\"width\":650,\"height\":119,\"caption\":\"Asociaci\u00f3n Creadores de Moda de Espa\u00f1a | ACME\"},\"image\":{\"@id\":\"https:\\\/\\\/creadores.org\\\/en\\\/#\\\/schema\\\/logo\\\/image\\\/\"},\"sameAs\":[\"https:\\\/\\\/www.facebook.com\\\/Asociaci\u00f3n-Creadores-de-Moda-de-Espa\u00f1a-297009471514\\\/\",\"https:\\\/\\\/x.com\\\/creadoresacme\",\"https:\\\/\\\/www.instagram.com\\\/creadoresacme\\\/\"]}]}<\/script>\n<!-- \/ Yoast SEO plugin. -->","yoast_head_json":{"title":"Edward Cuming - Asociaci\u00f3n Creadores de Moda de Espa\u00f1a | ACME","robots":{"index":"index","follow":"follow","max-snippet":"max-snippet:-1","max-image-preview":"max-image-preview:large","max-video-preview":"max-video-preview:-1"},"canonical":"https:\/\/creadores.org\/en\/members\/edward-cuming\/","og_locale":"en_US","og_type":"article","og_title":"Edward Cuming - Asociaci\u00f3n Creadores de Moda de Espa\u00f1a | ACME","og_description":"Edward Cuming es la firma hom\u00f3nima del dise\u00f1ador australiano afincado en Madrid. Graduado del m\u00e1ster en Moda de Central Saint Martins, Cuming lanz\u00f3 la marca en 2019, estableciendo una perspectiva propia dentro del vestir contempor\u00e1neo, basada en la experimentaci\u00f3n material y un enfoque sensorial del dise\u00f1o. Definido por una silueta fluida y ligeramente desacompasada, tratamientos [&hellip;]","og_url":"https:\/\/creadores.org\/en\/members\/edward-cuming\/","og_site_name":"Asociaci\u00f3n Creadores de Moda de Espa\u00f1a | ACME","article_publisher":"https:\/\/www.facebook.com\/Asociaci%c3%b3n-Creadores-de-Moda-de-Espa%c3%b1a-297009471514\/","article_modified_time":"2026-04-10T15:16:20+00:00","twitter_card":"summary_large_image","twitter_site":"@creadoresacme","twitter_misc":{"Est. reading time":"1 minute"},"schema":{"@context":"https:\/\/schema.org","@graph":[{"@type":"WebPage","@id":"https:\/\/creadores.org\/en\/members\/edward-cuming\/","url":"https:\/\/creadores.org\/en\/members\/edward-cuming\/","name":"Edward Cuming - Asociaci\u00f3n Creadores de Moda de Espa\u00f1a | ACME","isPartOf":{"@id":"https:\/\/creadores.org\/en\/#website"},"primaryImageOfPage":{"@id":"https:\/\/creadores.org\/en\/members\/edward-cuming\/#primaryimage"},"image":{"@id":"https:\/\/creadores.org\/en\/members\/edward-cuming\/#primaryimage"},"thumbnailUrl":"https:\/\/creadores.org\/wp-content\/uploads\/2026\/04\/EDWARD-CUMING-logo-.svg","datePublished":"2026-04-08T11:20:25+00:00","dateModified":"2026-04-10T15:16:20+00:00","breadcrumb":{"@id":"https:\/\/creadores.org\/en\/members\/edward-cuming\/#breadcrumb"},"inLanguage":"en-US","potentialAction":[{"@type":"ReadAction","target":["https:\/\/creadores.org\/en\/members\/edward-cuming\/"]}]},{"@type":"ImageObject","inLanguage":"en-US","@id":"https:\/\/creadores.org\/en\/members\/edward-cuming\/#primaryimage","url":"https:\/\/creadores.org\/wp-content\/uploads\/2026\/04\/EDWARD-CUMING-logo-.svg","contentUrl":"https:\/\/creadores.org\/wp-content\/uploads\/2026\/04\/EDWARD-CUMING-logo-.svg","width":100,"height":100},{"@type":"BreadcrumbList","@id":"https:\/\/creadores.org\/en\/members\/edward-cuming\/#breadcrumb","itemListElement":[{"@type":"ListItem","position":1,"name":"Portada","item":"https:\/\/creadores.org\/en\/"},{"@type":"ListItem","position":2,"name":"Members","item":"https:\/\/creadores.org\/en\/members\/"},{"@type":"ListItem","position":3,"name":"Edward Cuming"}]},{"@type":"WebSite","@id":"https:\/\/creadores.org\/en\/#website","url":"https:\/\/creadores.org\/en\/","name":"Asociaci\u00f3n Creadores de Moda de Espa\u00f1a | ACME","description":"La Asociaci\u00f3n Creadores de Moda de Espa\u00f1a (ACME) es una organizaci\u00f3n profesional sin \u00e1nimo de lucro fundada en 1988","publisher":{"@id":"https:\/\/creadores.org\/en\/#organization"},"potentialAction":[{"@type":"SearchAction","target":{"@type":"EntryPoint","urlTemplate":"https:\/\/creadores.org\/en\/?s={search_term_string}"},"query-input":{"@type":"PropertyValueSpecification","valueRequired":true,"valueName":"search_term_string"}}],"inLanguage":"en-US"},{"@type":"Organization","@id":"https:\/\/creadores.org\/en\/#organization","name":"Asociaci\u00f3n Creadores de Moda de Espa\u00f1a | ACME","url":"https:\/\/creadores.org\/en\/","logo":{"@type":"ImageObject","inLanguage":"en-US","@id":"https:\/\/creadores.org\/en\/#\/schema\/logo\/image\/","url":"https:\/\/creadores.org\/wp-content\/uploads\/2025\/06\/acme-logo.svg","contentUrl":"https:\/\/creadores.org\/wp-content\/uploads\/2025\/06\/acme-logo.svg","width":650,"height":119,"caption":"Asociaci\u00f3n Creadores de Moda de Espa\u00f1a | ACME"},"image":{"@id":"https:\/\/creadores.org\/en\/#\/schema\/logo\/image\/"},"sameAs":["https:\/\/www.facebook.com\/Asociaci\u00f3n-Creadores-de-Moda-de-Espa\u00f1a-297009471514\/","https:\/\/x.com\/creadoresacme","https:\/\/www.instagram.com\/creadoresacme\/"]}]}},"_links":{"self":[{"href":"https:\/\/creadores.org\/en\/wp-json\/wp\/v2\/asociados\/97452","targetHints":{"allow":["GET"]}}],"collection":[{"href":"https:\/\/creadores.org\/en\/wp-json\/wp\/v2\/asociados"}],"about":[{"href":"https:\/\/creadores.org\/en\/wp-json\/wp\/v2\/types\/asociados"}],"wp:featuredmedia":[{"embeddable":true,"href":"https:\/\/creadores.org\/en\/wp-json\/wp\/v2\/media\/97454"}],"wp:attachment":[{"href":"https:\/\/creadores.org\/en\/wp-json\/wp\/v2\/media?parent=97452"}],"curies":[{"name":"wp","href":"https:\/\/api.w.org\/{rel}","templated":true}]}}