{"id":73283,"date":"2025-06-16T15:34:58","date_gmt":"2025-06-16T13:34:58","guid":{"rendered":"https:\/\/creadores.org\/asociados\/fely-campo\/"},"modified":"2025-10-08T14:03:55","modified_gmt":"2025-10-08T12:03:55","slug":"fely-campo","status":"publish","type":"asociados","link":"https:\/\/creadores.org\/?asociados=fely-campo","title":{"rendered":"Fely Campo"},"content":{"rendered":"<p>Fely Campo es una firma espa\u00f1ola de moda fundada por la dise\u00f1adora hom\u00f3nima en Salamanca, donde inici\u00f3 su carrera gracias a que su madre la llev\u00f3 a un taller de costura en Salamanca a los 13 a\u00f1os. Con m\u00e1s de cuatro d\u00e9cadas de trayectoria, ha construido una marca reconocida por su elegancia, artesan\u00eda y dise\u00f1o femenino. Desde la apertura de su primera tienda en 1995 hasta su expansi\u00f3n internacional, ha desfilado en ferias como Who\u2019s Next Par\u00eds o Barcelona Bridal Fashion Week. Sus colecciones, producidas en ateliers propios, llegan a pa\u00edses como Italia, Reino Unido o Suiza. Fely Campo defiende una moda cuidada, atemporal y profundamente arraigada en la excelencia del oficio.<\/p>\n","protected":false},"featured_media":88460,"parent":0,"template":"","class_list":["post-73283","asociados","type-asociados","status-publish","has-post-thumbnail","hentry"],"yoast_head":"<!-- This site is optimized with the Yoast SEO plugin v28.3 - https:\/\/yoast.com\/product\/yoast-seo-wordpress\/ -->\n<title>Fely Campo - Asociaci\u00f3n Creadores de Moda de Espa\u00f1a | ACME<\/title>\n<meta name=\"robots\" content=\"index, follow, max-snippet:-1, max-image-preview:large, max-video-preview:-1\" \/>\n<link rel=\"canonical\" href=\"https:\/\/creadores.org\/?asociados=fely-campo\" \/>\n<meta property=\"og:locale\" content=\"es_ES\" \/>\n<meta property=\"og:type\" content=\"article\" \/>\n<meta property=\"og:title\" content=\"Fely Campo - Asociaci\u00f3n Creadores de Moda de Espa\u00f1a | ACME\" \/>\n<meta property=\"og:description\" content=\"Fely Campo es una firma espa\u00f1ola de moda fundada por la dise\u00f1adora hom\u00f3nima en Salamanca, donde inici\u00f3 su carrera gracias a que su madre la llev\u00f3 a un taller de costura en Salamanca a los 13 a\u00f1os. Con m\u00e1s de cuatro d\u00e9cadas de trayectoria, ha construido una marca reconocida por su elegancia, artesan\u00eda y dise\u00f1o [&hellip;]\" \/>\n<meta property=\"og:url\" content=\"https:\/\/creadores.org\/?asociados=fely-campo\" \/>\n<meta property=\"og:site_name\" content=\"Asociaci\u00f3n Creadores de Moda de Espa\u00f1a | ACME\" \/>\n<meta property=\"article:publisher\" content=\"https:\/\/www.facebook.com\/Asociaci%c3%b3n-Creadores-de-Moda-de-Espa%c3%b1a-297009471514\/\" \/>\n<meta property=\"article:modified_time\" content=\"2025-10-08T12:03:55+00:00\" \/>\n<meta name=\"twitter:card\" content=\"summary_large_image\" \/>\n<meta name=\"twitter:site\" content=\"@creadoresacme\" \/>\n<meta name=\"twitter:label1\" content=\"Est. reading time\" \/>\n\t<meta name=\"twitter:data1\" content=\"1 minuto\" \/>\n<script type=\"application\/ld+json\" class=\"yoast-schema-graph\">{\"@context\":\"https:\\\/\\\/schema.org\",\"@graph\":[{\"@type\":\"WebPage\",\"@id\":\"https:\\\/\\\/creadores.org\\\/?asociados=fely-campo\",\"url\":\"https:\\\/\\\/creadores.org\\\/?asociados=fely-campo\",\"name\":\"Fely Campo - Asociaci\u00f3n Creadores de Moda de Espa\u00f1a | ACME\",\"isPartOf\":{\"@id\":\"https:\\\/\\\/creadores.org\\\/#website\"},\"primaryImageOfPage\":{\"@id\":\"https:\\\/\\\/creadores.org\\\/?asociados=fely-campo#primaryimage\"},\"image\":{\"@id\":\"https:\\\/\\\/creadores.org\\\/?asociados=fely-campo#primaryimage\"},\"thumbnailUrl\":\"https:\\\/\\\/creadores.org\\\/wp-content\\\/uploads\\\/2025\\\/06\\\/fely-campo-logo.svg\",\"datePublished\":\"2025-06-16T13:34:58+00:00\",\"dateModified\":\"2025-10-08T12:03:55+00:00\",\"breadcrumb\":{\"@id\":\"https:\\\/\\\/creadores.org\\\/?asociados=fely-campo#breadcrumb\"},\"inLanguage\":\"es\",\"potentialAction\":[{\"@type\":\"ReadAction\",\"target\":[\"https:\\\/\\\/creadores.org\\\/?asociados=fely-campo\"]}]},{\"@type\":\"ImageObject\",\"inLanguage\":\"es\",\"@id\":\"https:\\\/\\\/creadores.org\\\/?asociados=fely-campo#primaryimage\",\"url\":\"https:\\\/\\\/creadores.org\\\/wp-content\\\/uploads\\\/2025\\\/06\\\/fely-campo-logo.svg\",\"contentUrl\":\"https:\\\/\\\/creadores.org\\\/wp-content\\\/uploads\\\/2025\\\/06\\\/fely-campo-logo.svg\",\"width\":1099,\"height\":654},{\"@type\":\"BreadcrumbList\",\"@id\":\"https:\\\/\\\/creadores.org\\\/?asociados=fely-campo#breadcrumb\",\"itemListElement\":[{\"@type\":\"ListItem\",\"position\":1,\"name\":\"Portada\",\"item\":\"https:\\\/\\\/creadores.org\\\/\"},{\"@type\":\"ListItem\",\"position\":2,\"name\":\"Asociados\",\"item\":\"https:\\\/\\\/creadores.org\\\/?post_type=asociados\"},{\"@type\":\"ListItem\",\"position\":3,\"name\":\"Fely Campo\"}]},{\"@type\":\"WebSite\",\"@id\":\"https:\\\/\\\/creadores.org\\\/#website\",\"url\":\"https:\\\/\\\/creadores.org\\\/\",\"name\":\"Asociaci\u00f3n Creadores de Moda de Espa\u00f1a | ACME\",\"description\":\"La Asociaci\u00f3n Creadores de Moda de Espa\u00f1a (ACME) es una organizaci\u00f3n profesional sin \u00e1nimo de lucro fundada en 1988\",\"publisher\":{\"@id\":\"https:\\\/\\\/creadores.org\\\/#organization\"},\"potentialAction\":[{\"@type\":\"SearchAction\",\"target\":{\"@type\":\"EntryPoint\",\"urlTemplate\":\"https:\\\/\\\/creadores.org\\\/?s={search_term_string}\"},\"query-input\":{\"@type\":\"PropertyValueSpecification\",\"valueRequired\":true,\"valueName\":\"search_term_string\"}}],\"inLanguage\":\"es\"},{\"@type\":\"Organization\",\"@id\":\"https:\\\/\\\/creadores.org\\\/#organization\",\"name\":\"Asociaci\u00f3n Creadores de Moda de Espa\u00f1a | ACME\",\"url\":\"https:\\\/\\\/creadores.org\\\/\",\"logo\":{\"@type\":\"ImageObject\",\"inLanguage\":\"es\",\"@id\":\"https:\\\/\\\/creadores.org\\\/#\\\/schema\\\/logo\\\/image\\\/\",\"url\":\"https:\\\/\\\/creadores.org\\\/wp-content\\\/uploads\\\/2025\\\/06\\\/acme-logo.svg\",\"contentUrl\":\"https:\\\/\\\/creadores.org\\\/wp-content\\\/uploads\\\/2025\\\/06\\\/acme-logo.svg\",\"width\":650,\"height\":119,\"caption\":\"Asociaci\u00f3n Creadores de Moda de Espa\u00f1a | ACME\"},\"image\":{\"@id\":\"https:\\\/\\\/creadores.org\\\/#\\\/schema\\\/logo\\\/image\\\/\"},\"sameAs\":[\"https:\\\/\\\/www.facebook.com\\\/Asociaci\u00f3n-Creadores-de-Moda-de-Espa\u00f1a-297009471514\\\/\",\"https:\\\/\\\/x.com\\\/creadoresacme\",\"https:\\\/\\\/www.instagram.com\\\/creadoresacme\\\/\"]}]}<\/script>\n<!-- \/ Yoast SEO plugin. -->","yoast_head_json":{"title":"Fely Campo - Asociaci\u00f3n Creadores de Moda de Espa\u00f1a | ACME","robots":{"index":"index","follow":"follow","max-snippet":"max-snippet:-1","max-image-preview":"max-image-preview:large","max-video-preview":"max-video-preview:-1"},"canonical":"https:\/\/creadores.org\/?asociados=fely-campo","og_locale":"es_ES","og_type":"article","og_title":"Fely Campo - Asociaci\u00f3n Creadores de Moda de Espa\u00f1a | ACME","og_description":"Fely Campo es una firma espa\u00f1ola de moda fundada por la dise\u00f1adora hom\u00f3nima en Salamanca, donde inici\u00f3 su carrera gracias a que su madre la llev\u00f3 a un taller de costura en Salamanca a los 13 a\u00f1os. Con m\u00e1s de cuatro d\u00e9cadas de trayectoria, ha construido una marca reconocida por su elegancia, artesan\u00eda y dise\u00f1o [&hellip;]","og_url":"https:\/\/creadores.org\/?asociados=fely-campo","og_site_name":"Asociaci\u00f3n Creadores de Moda de Espa\u00f1a | ACME","article_publisher":"https:\/\/www.facebook.com\/Asociaci%c3%b3n-Creadores-de-Moda-de-Espa%c3%b1a-297009471514\/","article_modified_time":"2025-10-08T12:03:55+00:00","twitter_card":"summary_large_image","twitter_site":"@creadoresacme","twitter_misc":{"Est. reading time":"1 minuto"},"schema":{"@context":"https:\/\/schema.org","@graph":[{"@type":"WebPage","@id":"https:\/\/creadores.org\/?asociados=fely-campo","url":"https:\/\/creadores.org\/?asociados=fely-campo","name":"Fely Campo - Asociaci\u00f3n Creadores de Moda de Espa\u00f1a | ACME","isPartOf":{"@id":"https:\/\/creadores.org\/#website"},"primaryImageOfPage":{"@id":"https:\/\/creadores.org\/?asociados=fely-campo#primaryimage"},"image":{"@id":"https:\/\/creadores.org\/?asociados=fely-campo#primaryimage"},"thumbnailUrl":"https:\/\/creadores.org\/wp-content\/uploads\/2025\/06\/fely-campo-logo.svg","datePublished":"2025-06-16T13:34:58+00:00","dateModified":"2025-10-08T12:03:55+00:00","breadcrumb":{"@id":"https:\/\/creadores.org\/?asociados=fely-campo#breadcrumb"},"inLanguage":"es","potentialAction":[{"@type":"ReadAction","target":["https:\/\/creadores.org\/?asociados=fely-campo"]}]},{"@type":"ImageObject","inLanguage":"es","@id":"https:\/\/creadores.org\/?asociados=fely-campo#primaryimage","url":"https:\/\/creadores.org\/wp-content\/uploads\/2025\/06\/fely-campo-logo.svg","contentUrl":"https:\/\/creadores.org\/wp-content\/uploads\/2025\/06\/fely-campo-logo.svg","width":1099,"height":654},{"@type":"BreadcrumbList","@id":"https:\/\/creadores.org\/?asociados=fely-campo#breadcrumb","itemListElement":[{"@type":"ListItem","position":1,"name":"Portada","item":"https:\/\/creadores.org\/"},{"@type":"ListItem","position":2,"name":"Asociados","item":"https:\/\/creadores.org\/?post_type=asociados"},{"@type":"ListItem","position":3,"name":"Fely Campo"}]},{"@type":"WebSite","@id":"https:\/\/creadores.org\/#website","url":"https:\/\/creadores.org\/","name":"Asociaci\u00f3n Creadores de Moda de Espa\u00f1a | ACME","description":"La Asociaci\u00f3n Creadores de Moda de Espa\u00f1a (ACME) es una organizaci\u00f3n profesional sin \u00e1nimo de lucro fundada en 1988","publisher":{"@id":"https:\/\/creadores.org\/#organization"},"potentialAction":[{"@type":"SearchAction","target":{"@type":"EntryPoint","urlTemplate":"https:\/\/creadores.org\/?s={search_term_string}"},"query-input":{"@type":"PropertyValueSpecification","valueRequired":true,"valueName":"search_term_string"}}],"inLanguage":"es"},{"@type":"Organization","@id":"https:\/\/creadores.org\/#organization","name":"Asociaci\u00f3n Creadores de Moda de Espa\u00f1a | ACME","url":"https:\/\/creadores.org\/","logo":{"@type":"ImageObject","inLanguage":"es","@id":"https:\/\/creadores.org\/#\/schema\/logo\/image\/","url":"https:\/\/creadores.org\/wp-content\/uploads\/2025\/06\/acme-logo.svg","contentUrl":"https:\/\/creadores.org\/wp-content\/uploads\/2025\/06\/acme-logo.svg","width":650,"height":119,"caption":"Asociaci\u00f3n Creadores de Moda de Espa\u00f1a | ACME"},"image":{"@id":"https:\/\/creadores.org\/#\/schema\/logo\/image\/"},"sameAs":["https:\/\/www.facebook.com\/Asociaci\u00f3n-Creadores-de-Moda-de-Espa\u00f1a-297009471514\/","https:\/\/x.com\/creadoresacme","https:\/\/www.instagram.com\/creadoresacme\/"]}]}},"_links":{"self":[{"href":"https:\/\/creadores.org\/index.php?rest_route=\/wp\/v2\/asociados\/73283","targetHints":{"allow":["GET"]}}],"collection":[{"href":"https:\/\/creadores.org\/index.php?rest_route=\/wp\/v2\/asociados"}],"about":[{"href":"https:\/\/creadores.org\/index.php?rest_route=\/wp\/v2\/types\/asociados"}],"wp:featuredmedia":[{"embeddable":true,"href":"https:\/\/creadores.org\/index.php?rest_route=\/wp\/v2\/media\/88460"}],"wp:attachment":[{"href":"https:\/\/creadores.org\/index.php?rest_route=%2Fwp%2Fv2%2Fmedia&parent=73283"}],"curies":[{"name":"wp","href":"https:\/\/api.w.org\/{rel}","templated":true}]}}